{"version":"1.0","provider_name":"Carpathia Center Romania","provider_url":"https:\/\/carpathiacenter.ro\/en","author_name":"creativebitsolutions","author_url":"https:\/\/carpathiacenter.ro\/en\/author\/creativebitsolutions\/","title":"UGIR-1903: \u201eVrem taxe egale \u0219i pentru multina\u021bionale!\u201d - Carpathia Center Romania","type":"rich","width":600,"height":338,"html":"<blockquote class=\"wp-embedded-content\" data-secret=\"Y8VvhkyHxe\"><a href=\"https:\/\/carpathiacenter.ro\/en\/ugir-1903-vrem-taxe-egale-si-pentru-multinationale\/\">UGIR-1903: \u201eVrem taxe egale \u0219i pentru multina\u021bionale!\u201d<\/a><\/blockquote><iframe sandbox=\"allow-scripts\" security=\"restricted\" src=\"https:\/\/carpathiacenter.ro\/en\/ugir-1903-vrem-taxe-egale-si-pentru-multinationale\/embed\/#?secret=Y8VvhkyHxe\" width=\"600\" height=\"338\" title=\"&#8220;UGIR-1903: \u201eVrem taxe egale \u0219i pentru multina\u021bionale!\u201d&#8221; &#8212; Carpathia Center Romania\" data-secret=\"Y8VvhkyHxe\" frameborder=\"0\" marginwidth=\"0\" marginheight=\"0\" scrolling=\"no\" class=\"wp-embedded-content\"><\/iframe><script>\n\/*! This file is auto-generated *\/\n!function(d,l){\"use strict\";l.querySelector&&d.addEventListener&&\"undefined\"!=typeof URL&&(d.wp=d.wp||{},d.wp.receiveEmbedMessage||(d.wp.receiveEmbedMessage=function(e){var t=e.data;if((t||t.secret||t.message||t.value)&&!\/[^a-zA-Z0-9]\/.test(t.secret)){for(var s,r,n,a=l.querySelectorAll('iframe[data-secret=\"'+t.secret+'\"]'),o=l.querySelectorAll('blockquote[data-secret=\"'+t.secret+'\"]'),c=new RegExp(\"^https?:$\",\"i\"),i=0;i<o.length;i++)o[i].style.display=\"none\";for(i=0;i<a.length;i++)s=a[i],e.source===s.contentWindow&&(s.removeAttribute(\"style\"),\"height\"===t.message?(1e3<(r=parseInt(t.value,10))?r=1e3:~~r<200&&(r=200),s.height=r):\"link\"===t.message&&(r=new URL(s.getAttribute(\"src\")),n=new URL(t.value),c.test(n.protocol))&&n.host===r.host&&l.activeElement===s&&(d.top.location.href=t.value))}},d.addEventListener(\"message\",d.wp.receiveEmbedMessage,!1),l.addEventListener(\"DOMContentLoaded\",function(){for(var e,t,s=l.querySelectorAll(\"iframe.wp-embedded-content\"),r=0;r<s.length;r++)(t=(e=s[r]).getAttribute(\"data-secret\"))||(t=Math.random().toString(36).substring(2,12),e.src+=\"#?secret=\"+t,e.setAttribute(\"data-secret\",t)),e.contentWindow.postMessage({message:\"ready\",secret:t},\"*\")},!1)))}(window,document);\n<\/script>","thumbnail_url":"https:\/\/carpathiacenter.ro\/wp-content\/uploads\/2025\/06\/UGIR-1903-logo-1.jpg","thumbnail_width":867,"thumbnail_height":648,"description":"Confedera\u0163ia Na\u0163ional\u0103 Patronal\u0103 \u201eUniunea General\u0103 a Industria\u0219ilor din Rom\u00e2nia \u2013 UGIR-1903\u201d, cea mai veche organiza\u021bie patronal\u0103 din Europa continental\u0103, \u00ee\u015fi manifest\u0103 \u201eindignarea fa\u021b\u0103 de programul de guvernare, care suprataxeaz\u0103 \u0219i supraimpoziteaz\u0103 doar firmele rom\u00e2ne\u0219ti \u0219i pe rom\u00e2nii s\u0103raci, uit\u00e2nd de multina\u021bionale\u201d. Comunicatul transmis redac\u021biei: \u201eUGIR-1903 cere Guvernului Rom\u00e2niei s\u0103 revizuiasc\u0103 programul de austeritate, sc\u0103z\u00e2nd taxele..."}